{"id":2976,"date":"2025-02-20T10:01:12","date_gmt":"2025-02-20T09:01:12","guid":{"rendered":"https:\/\/cz.ai-matters.eu\/?post_type=event&#038;p=2976"},"modified":"2025-02-20T10:01:13","modified_gmt":"2025-02-20T09:01:13","slug":"digital-cz-2025","status":"publish","type":"event","link":"https:\/\/cz.ai-matters.eu\/en\/event\/digital-cz-2025\/","title":{"rendered":"Digital Czech Republic 2025"},"content":{"rendered":"\n<p>Join us for the 10th annual international conference, <a href=\"https:\/\/www.digitalni-cesko.eu\/en\">Digital Czech Republic 2025<\/a>, on March 7, 2025, at <a href=\"https:\/\/www.hilton.com\/cs\/hotels\/prghitw-hilton-prague\/\">Hotel Hilton, Prague<\/a>, organized by the <strong>Institute for Politics and Society<\/strong> in cooperation with its partners. This milestone event will bring together top experts, policymakers, and industry leaders to discuss the latest advancements in digital transformation, artificial intelligence, cybersecurity, and more.<\/p>\n\n\n\n<p>The conference will welcome top experts from both the Czech Republic and abroad, including specialists in <strong>artificial intelligence<\/strong>, <strong>cybersecurity<\/strong>, and <strong>digital transformation<\/strong>. Participants can look forward to insightful presentations and discussions that will reveal the latest trends and strategies on how Czechia can fully harness the potential of digital technologies.<\/p>\n\n\n\n<p>This year\u2019s program will focus on key topics that resonate across society:<\/p>\n\n\n\n<ul class=\"wp-block-list\">\n<li><strong>Artificial intelligence and its role in the Czech economy<\/strong><\/li>\n\n\n\n<li><strong>Cybersecurity and critical infrastructure protection<\/strong><\/li>\n\n\n\n<li><strong>Digitalization of public administration: From vision to reality<\/strong><\/li>\n\n\n\n<li><strong>Cloud technologies and telecommunications as the foundation of digital transformation<\/strong><\/li>\n<\/ul>\n\n\n\n<p>This year&#8217;s conference will also feature an accompanying interactive exhibition. Visitors can look forward to, for example, robots, a life-size 3D avatar with AI technology enabling voice communication, demonstrations of non-formal education, programming of ozobots, experiments with a thermal camera and much more.<\/p>\n\n\n\n<p>We will also be present at the exhibition alongside <a href=\"https:\/\/www.ncp40.cz\/\">NCP 4.0<\/a>, <a href=\"https:\/\/www.edihctu.eu\/\">EDIH CTU<\/a> and <a href=\"https:\/\/ricaip.eu\/\">RICAIP<\/a>, showcasing real-world technological projects, key infrastructure for industry digitalization, and insights into European-funded strategic initiatives. Don&#8217;t miss the chance to explore the Industry 4.0 transformation, test a digital audit tool, and gain valuable insights from experts.<\/p>\n\n\n\n<figure class=\"wp-block-image size-full\"><img fetchpriority=\"high\" decoding=\"async\" width=\"686\" height=\"386\" src=\"https:\/\/cz.ai-matters.eu\/wp-content\/uploads\/2025\/02\/hq720.jpg\" alt=\"\" class=\"wp-image-2977\" srcset=\"https:\/\/cz.ai-matters.eu\/wp-content\/uploads\/2025\/02\/hq720.jpg 686w, https:\/\/cz.ai-matters.eu\/wp-content\/uploads\/2025\/02\/hq720-300x169.jpg 300w, https:\/\/cz.ai-matters.eu\/wp-content\/uploads\/2025\/02\/hq720-600x338.jpg 600w\" sizes=\"(max-width: 686px) 100vw, 686px\" \/><\/figure>\n\n\n\n<div class=\"wp-block-buttons is-layout-flex wp-block-buttons-is-layout-flex\">\n<div class=\"wp-block-button\"><a class=\"wp-block-button__link wp-element-button\" href=\"https:\/\/www.digitalni-cesko.eu\/en\"><em>Find out more about the conference<\/em><\/a><\/div>\n\n\n\n<div class=\"wp-block-button\"><a class=\"wp-block-button__link wp-element-button\" href=\"https:\/\/docs.google.com\/forms\/d\/e\/1FAIpQLSeQ9CdMrXYwQxgogugK0exJ1TQC4vkCdCM4Qf3fhQviblZKJA\/viewform\"><em>Registration<\/em><\/a><\/div>\n<\/div>\n\n\n\n<p><strong>Agenda<\/strong><\/p>\n\n\n\n<p>08:00&nbsp; &#8211;&nbsp; 08:30 <strong>Registration<\/strong><\/p>\n\n\n\n<p>08:30 &#8211;&nbsp; 08:35 <strong>Welcome Speech<\/strong><\/p>\n\n\n\n<ul class=\"wp-block-list\">\n<li>\u0160\u00e1rka Shoup, Executive Director, Institute for Politics and Society (Czech Republic)<\/li>\n<\/ul>\n\n\n\n<p>08:35 &#8211;&nbsp; 09:00 <strong>Keynote Speakers<\/strong><\/p>\n\n\n\n<ul class=\"wp-block-list\">\n<li>Karel Havl\u00ed\u010dek, Deputy Speaker, Chamber of Deputies of the Parliament of the Czech Republic<\/li>\n\n\n\n<li>Richard Yonck, International Speaker and Bestselling Author Focused on Emerging Trends and Technologies (USA)<\/li>\n\n\n\n<li>Jason Hsu, Visiting Researcher, Hudson Institute (Taiwan)<\/li>\n<\/ul>\n\n\n\n<p>09:00 &#8211;&nbsp; 10:15 <strong>Artificial Intelligence as a Driver of Economic Growth: Opportunities and Challenges for the Future<\/strong><\/p>\n\n\n\n<ul class=\"wp-block-list\">\n<li>Karel Havl\u00ed\u010dek, Vice-Chairman, Chamber of Deputies of the Parliament of the Czech Republic<\/li>\n\n\n\n<li>Franti\u0161ek \u0160trupl, Director for the Czech Republic, Google<\/li>\n\n\n\n<li>Jan Kaval\u00edrek, Deputy Member of Government, Ministry of Industry and Trade<\/li>\n\n\n\n<li>Tom\u00e1\u0161 \u010cupr, Czech Entrepreneur and Investor, Founder of Slevomat, D\u00e1meJ\u00eddlo.cz and Rohl\u00edk.cz<\/li>\n\n\n\n<li>Moderator: Michala Hergetov\u00e1<\/li>\n<\/ul>\n\n\n\n<p>10:15 &#8211;&nbsp; 10:30 <strong>Coffee Break<\/strong><\/p>\n\n\n\n<p>10:30&nbsp; &#8211;&nbsp; 10:50 <strong>VIP Talk: Open AI vs. Regulation &#8211; the Way Forward<\/strong><\/p>\n\n\n\n<ul class=\"wp-block-list\">\n<li>Karel Havl\u00ed\u010dek, Vice-Chairman, Chamber of Deputies of the Parliament of the Czech Republic<\/li>\n\n\n\n<li>Patrik Tovary\u0161, Public Policy Manager for Central and Eastern Europe, Meta<\/li>\n\n\n\n<li>Moderator: Justin Svoboda<\/li>\n<\/ul>\n\n\n\n<p>10:50 &#8211;&nbsp; 12:05 <strong>E-commerce: How to Adapt and Succeed in the Rapidly Changing Market<\/strong><\/p>\n\n\n\n<ul class=\"wp-block-list\">\n<li>Marta Miklisza\u0144ska, Director for Group Public Affairs and ESG, Allegro (Poland)<\/li>\n\n\n\n<li>Petr Barto\u0148, Chief Economist, Natland<\/li>\n\n\n\n<li>Moderator: Justin Svoboda<\/li>\n<\/ul>\n\n\n\n<p>12:05 &#8211; 12:30 <strong>VIP Talk: Artificial Intelligence and its Impacts on Security and Society<\/strong><\/p>\n\n\n\n<ul class=\"wp-block-list\">\n<li>Katarina Wallin Bureau, General Manager for Strategic Relations, Microsoft (TBC)<\/li>\n\n\n\n<li>Moderator: Michala Hergetov\u00e1<\/li>\n<\/ul>\n\n\n\n<p>12:30&nbsp; &#8211;&nbsp; 13:15 <strong>Lunch<\/strong><\/p>\n\n\n\n<p>12:30 &#8211; 13:15 <strong>National Economic Forum: NIS2 \u2013 A New Era of Cybersecurity and Its Impact on Businesses and Institutions (by invitation only)<\/strong><\/p>\n\n\n\n<ul class=\"wp-block-list\">\n<li>Luk\u00e1\u0161 Kintr, Director, National Cyber and Information Security Agency<\/li>\n\n\n\n<li>Martin Kotek, Director, Digital Intelligence; Innovation Scout, CTU Rectorate<\/li>\n\n\n\n<li>Michal B\u0159e\u017eek, Lawyer, Pelik\u00e1n Krofta Kohoutek Law Firm<\/li>\n\n\n\n<li>\u200dKate\u0159ina H\u016ftov\u00e1, Cyber-Information Security Manager; CEO, Cybrela<\/li>\n\n\n\n<li>Moderator: Ond\u0159ej Mal\u00fd, Independent Consultant and Analyst<\/li>\n<\/ul>\n\n\n\n<p>13:15 &#8211;&nbsp; 14:30 <strong>Cloud Technologies a Telecommunication: Fundamental Building Blocks of Digital Transformation<\/strong><\/p>\n\n\n\n<ul class=\"wp-block-list\">\n<li>Marek Nov\u00e1k, Member, Chamber of Deputies of the Parliament of the Czech Republic\u200d<\/li>\n\n\n\n<li>Violeta Luca, CEO, Vodafone Czech Republic (Romania)\u200d<\/li>\n\n\n\n<li>Jason Hsu, Visiting Fellow, Hudson Institute; Senior Advisor for Policy and International Partnerships, Liquid AI (Taiwan)\u200d<\/li>\n\n\n\n<li>Petr Mlsna, Chairman, Office for the Protection of Competition<\/li>\n\n\n\n<li>Moderator: Michala Hergetov\u00e1<\/li>\n<\/ul>\n\n\n\n<p>14:30 &#8211; 14:50 <strong>VIP Talk: Digital Transformation of Public Administration &#8211; From Vision to Reality<\/strong><\/p>\n\n\n\n<ul class=\"wp-block-list\">\n<li>Martin Mesr\u0161m\u00edd, Director, Digital and Information Agency (Czech Republic)<\/li>\n\n\n\n<li>Jan Bla\u017eek, Chairman of the Board, Bankovn\u00ed identita, a.s. (Czech Republic)<\/li>\n\n\n\n<li>Moderator: Justin Svoboda<\/li>\n<\/ul>\n\n\n\n<p>14:50 &#8211; 15:05 <strong>Coffee Break<\/strong><\/p>\n\n\n\n<p>15:05 &#8211; 16:20 <strong>Cyber-Security: How to Protect Digital Infrastructure?<\/strong><\/p>\n\n\n\n<ul class=\"wp-block-list\">\n<li>Robert Kr\u00e1l\u00ed\u010dek, Member, Chamber of Deputies of the Parliament of the Czech Republic<\/li>\n\n\n\n<li>Luk\u00e1\u0161 Kintr, Director, National Office for Cyber and Information Security<\/li>\n\n\n\n<li>Juraj \u0160ediv\u00fd, General Director, CETIN Group<\/li>\n\n\n\n<li>Moderator: Justin Svoboda<\/li>\n<\/ul>\n\n\n\n<p>16:20 &#8211; 17:35 <strong>Artificial Intelligence and Automation: Opportunities and Threats for Labor Market<\/strong><\/p>\n\n\n\n<p><strong>Richard Yonck, International Speaker and Bestselling Author Focusing on New Trends and Technologies (USA)<\/strong><\/p>\n\n\n\n<ul class=\"wp-block-list\">\n<li>Michal P\u011bchou\u010dek, Internationally Respected Expert on Artificial Intelligence; Professor at Czech Technical University<\/li>\n\n\n\n<li>Ond\u0159ej Kova\u0159\u00edk, Member of the European Parliament<\/li>\n\n\n\n<li>Moderator: Michala Hergetov\u00e1<\/li>\n<\/ul>\n\n\n\n<p>17:35 &#8211; 18:00 <strong>Networking Over a Glass of Wine<\/strong><\/p>\n","protected":false},"excerpt":{"rendered":"<p>Join us for the 10th annual international conference, Digital Czech Republic 2025, on March 7, 2025, at Hotel Hilton, Prague, organized by the Institute for Politics and Society in cooperation with its partners. This milestone event will bring together top experts, policymakers, and industry leaders to discuss the latest advancements in digital transformation, artificial intelligence, [&hellip;]<\/p>\n","protected":false},"featured_media":2977,"template":"","meta":{"_acf_changed":true},"categories":[],"class_list":["post-2976","event","type-event","status-publish","has-post-thumbnail","hentry"],"acf":[],"yoast_head":"<!-- This site is optimized with the Yoast SEO plugin v26.9 - https:\/\/yoast.com\/product\/yoast-seo-wordpress\/ -->\n<title>Digital Czech Republic 2025 - AI Matters<\/title>\n<meta name=\"robots\" content=\"index, follow, max-snippet:-1, max-image-preview:large, max-video-preview:-1\" \/>\n<link rel=\"canonical\" href=\"https:\/\/cz.ai-matters.eu\/en\/event\/digital-cz-2025\/\" \/>\n<meta property=\"og:locale\" content=\"en_US\" \/>\n<meta property=\"og:type\" content=\"article\" \/>\n<meta property=\"og:title\" content=\"Digital Czech Republic 2025 - AI Matters\" \/>\n<meta property=\"og:description\" content=\"Join us for the 10th annual international conference, Digital Czech Republic 2025, on March 7, 2025, at Hotel Hilton, Prague, organized by the Institute for Politics and Society in cooperation with its partners. This milestone event will bring together top experts, policymakers, and industry leaders to discuss the latest advancements in digital transformation, artificial intelligence, [&hellip;]\" \/>\n<meta property=\"og:url\" content=\"https:\/\/cz.ai-matters.eu\/en\/event\/digital-cz-2025\/\" \/>\n<meta property=\"og:site_name\" content=\"AI Matters\" \/>\n<meta property=\"article:modified_time\" content=\"2025-02-20T09:01:13+00:00\" \/>\n<meta property=\"og:image\" content=\"https:\/\/cz.ai-matters.eu\/wp-content\/uploads\/2025\/02\/hq720.jpg\" \/>\n\t<meta property=\"og:image:width\" content=\"686\" \/>\n\t<meta property=\"og:image:height\" content=\"386\" \/>\n\t<meta property=\"og:image:type\" content=\"image\/jpeg\" \/>\n<meta name=\"twitter:card\" content=\"summary_large_image\" \/>\n<meta name=\"twitter:label1\" content=\"Est. reading time\" \/>\n\t<meta name=\"twitter:data1\" content=\"4 minutes\" \/>\n<script type=\"application\/ld+json\" class=\"yoast-schema-graph\">{\"@context\":\"https:\/\/schema.org\",\"@graph\":[{\"@type\":\"WebPage\",\"@id\":\"https:\/\/cz.ai-matters.eu\/en\/event\/digital-cz-2025\/\",\"url\":\"https:\/\/cz.ai-matters.eu\/en\/event\/digital-cz-2025\/\",\"name\":\"Digital Czech Republic 2025 - AI Matters\",\"isPartOf\":{\"@id\":\"https:\/\/cz.ai-matters.eu\/en\/#website\"},\"primaryImageOfPage\":{\"@id\":\"https:\/\/cz.ai-matters.eu\/en\/event\/digital-cz-2025\/#primaryimage\"},\"image\":{\"@id\":\"https:\/\/cz.ai-matters.eu\/en\/event\/digital-cz-2025\/#primaryimage\"},\"thumbnailUrl\":\"https:\/\/cz.ai-matters.eu\/wp-content\/uploads\/2025\/02\/hq720.jpg\",\"datePublished\":\"2025-02-20T09:01:12+00:00\",\"dateModified\":\"2025-02-20T09:01:13+00:00\",\"breadcrumb\":{\"@id\":\"https:\/\/cz.ai-matters.eu\/en\/event\/digital-cz-2025\/#breadcrumb\"},\"inLanguage\":\"en-US\",\"potentialAction\":[{\"@type\":\"ReadAction\",\"target\":[\"https:\/\/cz.ai-matters.eu\/en\/event\/digital-cz-2025\/\"]}]},{\"@type\":\"ImageObject\",\"inLanguage\":\"en-US\",\"@id\":\"https:\/\/cz.ai-matters.eu\/en\/event\/digital-cz-2025\/#primaryimage\",\"url\":\"https:\/\/cz.ai-matters.eu\/wp-content\/uploads\/2025\/02\/hq720.jpg\",\"contentUrl\":\"https:\/\/cz.ai-matters.eu\/wp-content\/uploads\/2025\/02\/hq720.jpg\",\"width\":686,\"height\":386},{\"@type\":\"BreadcrumbList\",\"@id\":\"https:\/\/cz.ai-matters.eu\/en\/event\/digital-cz-2025\/#breadcrumb\",\"itemListElement\":[{\"@type\":\"ListItem\",\"position\":1,\"name\":\"Accueil\",\"item\":\"https:\/\/cz.ai-matters.eu\/en\/home-2024\/\"},{\"@type\":\"ListItem\",\"position\":2,\"name\":\"Digital Czech Republic 2025\"}]},{\"@type\":\"WebSite\",\"@id\":\"https:\/\/cz.ai-matters.eu\/en\/#website\",\"url\":\"https:\/\/cz.ai-matters.eu\/en\/\",\"name\":\"AI Matters\",\"description\":\"\",\"publisher\":{\"@id\":\"https:\/\/cz.ai-matters.eu\/en\/#organization\"},\"potentialAction\":[{\"@type\":\"SearchAction\",\"target\":{\"@type\":\"EntryPoint\",\"urlTemplate\":\"https:\/\/cz.ai-matters.eu\/en\/?s={search_term_string}\"},\"query-input\":{\"@type\":\"PropertyValueSpecification\",\"valueRequired\":true,\"valueName\":\"search_term_string\"}}],\"inLanguage\":\"en-US\"},{\"@type\":\"Organization\",\"@id\":\"https:\/\/cz.ai-matters.eu\/en\/#organization\",\"name\":\"AI Matters\",\"url\":\"https:\/\/cz.ai-matters.eu\/en\/\",\"logo\":{\"@type\":\"ImageObject\",\"inLanguage\":\"en-US\",\"@id\":\"https:\/\/cz.ai-matters.eu\/en\/#\/schema\/logo\/image\/\",\"url\":\"https:\/\/cz.ai-matters.eu\/wp-content\/uploads\/2023\/03\/Ai-matters-logo.png\",\"contentUrl\":\"https:\/\/cz.ai-matters.eu\/wp-content\/uploads\/2023\/03\/Ai-matters-logo.png\",\"width\":1221,\"height\":699,\"caption\":\"AI Matters\"},\"image\":{\"@id\":\"https:\/\/cz.ai-matters.eu\/en\/#\/schema\/logo\/image\/\"}}]}<\/script>\n<!-- \/ Yoast SEO plugin. -->","yoast_head_json":{"title":"Digital Czech Republic 2025 - AI Matters","robots":{"index":"index","follow":"follow","max-snippet":"max-snippet:-1","max-image-preview":"max-image-preview:large","max-video-preview":"max-video-preview:-1"},"canonical":"https:\/\/cz.ai-matters.eu\/en\/event\/digital-cz-2025\/","og_locale":"en_US","og_type":"article","og_title":"Digital Czech Republic 2025 - AI Matters","og_description":"Join us for the 10th annual international conference, Digital Czech Republic 2025, on March 7, 2025, at Hotel Hilton, Prague, organized by the Institute for Politics and Society in cooperation with its partners. This milestone event will bring together top experts, policymakers, and industry leaders to discuss the latest advancements in digital transformation, artificial intelligence, [&hellip;]","og_url":"https:\/\/cz.ai-matters.eu\/en\/event\/digital-cz-2025\/","og_site_name":"AI Matters","article_modified_time":"2025-02-20T09:01:13+00:00","og_image":[{"width":686,"height":386,"url":"https:\/\/cz.ai-matters.eu\/wp-content\/uploads\/2025\/02\/hq720.jpg","type":"image\/jpeg"}],"twitter_card":"summary_large_image","twitter_misc":{"Est. reading time":"4 minutes"},"schema":{"@context":"https:\/\/schema.org","@graph":[{"@type":"WebPage","@id":"https:\/\/cz.ai-matters.eu\/en\/event\/digital-cz-2025\/","url":"https:\/\/cz.ai-matters.eu\/en\/event\/digital-cz-2025\/","name":"Digital Czech Republic 2025 - AI Matters","isPartOf":{"@id":"https:\/\/cz.ai-matters.eu\/en\/#website"},"primaryImageOfPage":{"@id":"https:\/\/cz.ai-matters.eu\/en\/event\/digital-cz-2025\/#primaryimage"},"image":{"@id":"https:\/\/cz.ai-matters.eu\/en\/event\/digital-cz-2025\/#primaryimage"},"thumbnailUrl":"https:\/\/cz.ai-matters.eu\/wp-content\/uploads\/2025\/02\/hq720.jpg","datePublished":"2025-02-20T09:01:12+00:00","dateModified":"2025-02-20T09:01:13+00:00","breadcrumb":{"@id":"https:\/\/cz.ai-matters.eu\/en\/event\/digital-cz-2025\/#breadcrumb"},"inLanguage":"en-US","potentialAction":[{"@type":"ReadAction","target":["https:\/\/cz.ai-matters.eu\/en\/event\/digital-cz-2025\/"]}]},{"@type":"ImageObject","inLanguage":"en-US","@id":"https:\/\/cz.ai-matters.eu\/en\/event\/digital-cz-2025\/#primaryimage","url":"https:\/\/cz.ai-matters.eu\/wp-content\/uploads\/2025\/02\/hq720.jpg","contentUrl":"https:\/\/cz.ai-matters.eu\/wp-content\/uploads\/2025\/02\/hq720.jpg","width":686,"height":386},{"@type":"BreadcrumbList","@id":"https:\/\/cz.ai-matters.eu\/en\/event\/digital-cz-2025\/#breadcrumb","itemListElement":[{"@type":"ListItem","position":1,"name":"Accueil","item":"https:\/\/cz.ai-matters.eu\/en\/home-2024\/"},{"@type":"ListItem","position":2,"name":"Digital Czech Republic 2025"}]},{"@type":"WebSite","@id":"https:\/\/cz.ai-matters.eu\/en\/#website","url":"https:\/\/cz.ai-matters.eu\/en\/","name":"AI Matters","description":"","publisher":{"@id":"https:\/\/cz.ai-matters.eu\/en\/#organization"},"potentialAction":[{"@type":"SearchAction","target":{"@type":"EntryPoint","urlTemplate":"https:\/\/cz.ai-matters.eu\/en\/?s={search_term_string}"},"query-input":{"@type":"PropertyValueSpecification","valueRequired":true,"valueName":"search_term_string"}}],"inLanguage":"en-US"},{"@type":"Organization","@id":"https:\/\/cz.ai-matters.eu\/en\/#organization","name":"AI Matters","url":"https:\/\/cz.ai-matters.eu\/en\/","logo":{"@type":"ImageObject","inLanguage":"en-US","@id":"https:\/\/cz.ai-matters.eu\/en\/#\/schema\/logo\/image\/","url":"https:\/\/cz.ai-matters.eu\/wp-content\/uploads\/2023\/03\/Ai-matters-logo.png","contentUrl":"https:\/\/cz.ai-matters.eu\/wp-content\/uploads\/2023\/03\/Ai-matters-logo.png","width":1221,"height":699,"caption":"AI Matters"},"image":{"@id":"https:\/\/cz.ai-matters.eu\/en\/#\/schema\/logo\/image\/"}}]}},"wpml_current_locale":"en_US","wpml_translations":[],"_links":{"self":[{"href":"https:\/\/cz.ai-matters.eu\/en\/wp-json\/wp\/v2\/event\/2976","targetHints":{"allow":["GET"]}}],"collection":[{"href":"https:\/\/cz.ai-matters.eu\/en\/wp-json\/wp\/v2\/event"}],"about":[{"href":"https:\/\/cz.ai-matters.eu\/en\/wp-json\/wp\/v2\/types\/event"}],"wp:featuredmedia":[{"embeddable":true,"href":"https:\/\/cz.ai-matters.eu\/en\/wp-json\/wp\/v2\/media\/2977"}],"wp:attachment":[{"href":"https:\/\/cz.ai-matters.eu\/en\/wp-json\/wp\/v2\/media?parent=2976"}],"wp:term":[{"taxonomy":"category","embeddable":true,"href":"https:\/\/cz.ai-matters.eu\/en\/wp-json\/wp\/v2\/categories?post=2976"}],"curies":[{"name":"wp","href":"https:\/\/api.w.org\/{rel}","templated":true}]}}